{"id":18,"date":"2015-11-08T19:02:36","date_gmt":"2015-11-08T18:02:36","guid":{"rendered":"http:\/\/www.anti-defamation.pl\/english\/?page_id=18"},"modified":"2023-06-29T19:04:22","modified_gmt":"2023-06-29T17:04:22","slug":"foundation-council","status":"publish","type":"page","link":"https:\/\/rdi.org.pl\/english\/foundation-council\/","title":{"rendered":"Foundation Council"},"content":{"rendered":"<p>[et_pb_section fb_built=&#8221;1&#8243; custom_padding_last_edited=&#8221;on|phone&#8221; _builder_version=&#8221;4.19.3&#8243; _module_preset=&#8221;default&#8221; background_color=&#8221;rgba(12,12,11,0.51)&#8221; background_image=&#8221;https:\/\/rdi.org.pl\/wp-content\/uploads\/2023\/01\/479-scaled.jpg&#8221; background_blend=&#8221;overlay&#8221; custom_margin=&#8221;0px||0px||false|false&#8221; custom_padding=&#8221;55px||55px||true|false&#8221; custom_padding_tablet=&#8221;130px||110px||false|false&#8221; custom_padding_phone=&#8221;90px||70px||false|false&#8221; da_disable_devices=&#8221;off|off|off&#8221; global_colors_info=&#8221;{}&#8221; theme_builder_area=&#8221;post_content&#8221; da_is_popup=&#8221;off&#8221; da_exit_intent=&#8221;off&#8221; da_has_close=&#8221;on&#8221; da_alt_close=&#8221;off&#8221; da_dark_close=&#8221;off&#8221; da_not_modal=&#8221;on&#8221; da_is_singular=&#8221;off&#8221; da_with_loader=&#8221;off&#8221; da_has_shadow=&#8221;on&#8221;][et_pb_row _builder_version=&#8221;4.19.3&#8243; _module_preset=&#8221;default&#8221; background_enable_color=&#8221;off&#8221; width=&#8221;90%&#8221; max_width=&#8221;1400px&#8221; custom_margin=&#8221;0px|auto|21px|auto|false|false&#8221; custom_padding=&#8221;0px||0px||false|false&#8221; box_shadow_style=&#8221;none&#8221; global_colors_info=&#8221;{}&#8221; theme_builder_area=&#8221;post_content&#8221;][et_pb_column type=&#8221;4_4&#8243; _builder_version=&#8221;4.18.0&#8243; _module_preset=&#8221;default&#8221; global_colors_info=&#8221;{}&#8221; theme_builder_area=&#8221;post_content&#8221;][et_pb_text _builder_version=&#8221;4.20.2&#8243; _module_preset=&#8221;default&#8221; header_4_font=&#8221;|700|||||||&#8221; header_4_text_align=&#8221;left&#8221; header_4_text_color=&#8221;#e71d26&#8243; header_4_font_size=&#8221;22px&#8221; custom_margin=&#8221;0px||9px||false|false&#8221; custom_margin_tablet=&#8221;0px||9px||false|false&#8221; custom_margin_phone=&#8221;0px||10px||false|false&#8221; custom_margin_last_edited=&#8221;on|phone&#8221; custom_padding=&#8221;0px||0px||false|false&#8221; header_4_font_size_tablet=&#8221;20px&#8221; header_4_font_size_phone=&#8221;19px&#8221; header_4_font_size_last_edited=&#8221;on|tablet&#8221; global_colors_info=&#8221;{}&#8221; theme_builder_area=&#8221;post_content&#8221;]<\/p>\n<h4 style=\"text-align: center;\">Polish League Against Defamation<\/h4>\n<p>[\/et_pb_text][et_pb_text _builder_version=&#8221;4.20.2&#8243; _module_preset=&#8221;default&#8221; header_2_font=&#8221;|800|||||||&#8221; header_2_text_align=&#8221;center&#8221; header_2_text_color=&#8221;#FFFFFF&#8221; header_2_font_size=&#8221;47px&#8221; header_2_line_height=&#8221;1.1em&#8221; max_width_tablet=&#8221;100%&#8221; max_width_phone=&#8221;100%&#8221; max_width_last_edited=&#8221;off|desktop&#8221; custom_margin=&#8221;0px||0px||false|false&#8221; custom_padding=&#8221;0px||0px||false|false&#8221; hover_enabled=&#8221;0&#8243; header_2_font_size_tablet=&#8221;47px&#8221; header_2_font_size_phone=&#8221;30px&#8221; header_2_font_size_last_edited=&#8221;on|phone&#8221; global_colors_info=&#8221;{}&#8221; theme_builder_area=&#8221;post_content&#8221; sticky_enabled=&#8221;0&#8243;]<\/p>\n<h2><strong>Foundation Council<\/strong><\/h2>\n<p>[\/et_pb_text][\/et_pb_column][\/et_pb_row][\/et_pb_section][et_pb_section fb_built=&#8221;1&#8243; custom_padding_last_edited=&#8221;on|tablet&#8221; _builder_version=&#8221;4.18.0&#8243; _module_preset=&#8221;default&#8221; custom_margin=&#8221;0px|7px|0px||false|false&#8221; custom_padding=&#8221;36px||0px||false|false&#8221; custom_padding_tablet=&#8221;110px||110px||false|false&#8221; custom_padding_phone=&#8221;90px||90px||false|false&#8221; da_disable_devices=&#8221;off|off|off&#8221; global_colors_info=&#8221;{}&#8221; theme_builder_area=&#8221;post_content&#8221; da_is_popup=&#8221;off&#8221; da_exit_intent=&#8221;off&#8221; da_has_close=&#8221;on&#8221; da_alt_close=&#8221;off&#8221; da_dark_close=&#8221;off&#8221; da_not_modal=&#8221;on&#8221; da_is_singular=&#8221;off&#8221; da_with_loader=&#8221;off&#8221; da_has_shadow=&#8221;on&#8221;][et_pb_row column_structure=&#8221;3_4,1_4&#8243; use_custom_gutter=&#8221;on&#8221; _builder_version=&#8221;4.19.3&#8243; _module_preset=&#8221;default&#8221; background_enable_color=&#8221;off&#8221; max_width=&#8221;1400px&#8221; custom_margin=&#8221;0px|auto|53px|auto|false|false&#8221; custom_margin_last_edited=&#8221;off|desktop&#8221; custom_padding=&#8221;0px||0px||false|false&#8221; box_shadow_style=&#8221;none&#8221; global_colors_info=&#8221;{}&#8221; theme_builder_area=&#8221;post_content&#8221;][et_pb_column type=&#8221;3_4&#8243; _builder_version=&#8221;4.19.3&#8243; _module_preset=&#8221;default&#8221; custom_padding=&#8221;15px||||false|false&#8221; custom_padding_tablet=&#8221;0px||||false|false&#8221; custom_padding_phone=&#8221;0px||||false|false&#8221; custom_padding_last_edited=&#8221;on|tablet&#8221; animation_style=&#8221;fade&#8221; animation_speed_curve=&#8221;ease&#8221; global_colors_info=&#8221;{}&#8221; theme_builder_area=&#8221;post_content&#8221;][et_pb_text _builder_version=&#8221;4.19.3&#8243; _module_preset=&#8221;default&#8221; header_2_font=&#8221;|800|||||||&#8221; header_2_text_align=&#8221;left&#8221; header_2_text_color=&#8221;#1a1a1a&#8221; header_2_font_size=&#8221;37px&#8221; header_2_line_height=&#8221;1.1em&#8221; max_width=&#8221;600px&#8221; max_width_tablet=&#8221;100%&#8221; max_width_phone=&#8221;100%&#8221; max_width_last_edited=&#8221;on|tablet&#8221; custom_margin=&#8221;0px||12px||false|false&#8221; custom_padding=&#8221;0px||0px||false|false&#8221; header_2_font_size_tablet=&#8221;47px&#8221; header_2_font_size_phone=&#8221;30px&#8221; header_2_font_size_last_edited=&#8221;on|phone&#8221; global_colors_info=&#8221;{}&#8221; theme_builder_area=&#8221;post_content&#8221;]<\/p>\n<h2><span>J\u00f3zef Orze\u0142<\/span><\/h2>\n<p>[\/et_pb_text][et_pb_text _builder_version=&#8221;4.20.2&#8243; _module_preset=&#8221;default&#8221; text_font=&#8221;|300|||||||&#8221; text_text_color=&#8221;#74787c&#8221; text_font_size=&#8221;18px&#8221; text_line_height=&#8221;1.8em&#8221; width=&#8221;100%&#8221; max_width=&#8221;100%&#8221; max_width_tablet=&#8221;100%&#8221; max_width_phone=&#8221;100%&#8221; max_width_last_edited=&#8221;on|tablet&#8221; custom_margin=&#8221;0px||22px||false|false&#8221; custom_padding=&#8221;0px||0px||false|false&#8221; global_colors_info=&#8221;{}&#8221; theme_builder_area=&#8221;post_content&#8221;]<\/p>\n<p style=\"text-align: justify;\"><strong>J\u00f3zef Orze\u0142<\/strong> &#8211; graduated in 1968 from the Econometrics Department of the Main School of Planning and Statistics in Warsaw. In 1978 he obtained a doctoral degree in philosophy. He conducted publishing activities and managed the joint-stock company Municipium. In 1990 he was among the founders of the political party \u201cPorozumienie Centrum\u201d. In 1991 he was elected as a member of the Polish Parliament, from the list of the \u201cPorozumienie Centrum\u201d candidates. In 1993 he did not stand for re-election, and withdrew from the world of politics. He was the deputy editor-in-chief of the following newspapers: \u201cTygodnik Solidarno\u015b\u0107\u201d and \u201cExpress Wieczorny\u201d.<\/p>\n<p style=\"text-align: justify;\">He expertise are in the promotion and management of projects in the field of \u201celectronic\u201d society and digital education. He is the Vice President of the &#8222;Cities in the Internet&#8221; Association and the Chairman of the &#8222;Coalition for the Development of the Information Society&#8221;. He is a co-founder (together with Rafa\u0142 Ziemkiewicz) of the Ronin Club and its Chairman. He is also one of the two founders (together with Maciej \u015awirski) of \u201cReduta Dobrego Imienia\u201d &#8211; The Polish League Against<\/p>\n<h1><\/h1>\n<p>[\/et_pb_text][\/et_pb_column][et_pb_column type=&#8221;1_4&#8243; _builder_version=&#8221;4.19.3&#8243; _module_preset=&#8221;default&#8221; global_colors_info=&#8221;{}&#8221; theme_builder_area=&#8221;post_content&#8221;][et_pb_image src=&#8221;https:\/\/rdi.org.pl\/wp-content\/uploads\/2023\/01\/Jozef_Orzel.jpg&#8221; title_text=&#8221;J\u00f3zef_Orze\u0142&#8221; align=&#8221;center&#8221; _builder_version=&#8221;4.19.3&#8243; _module_preset=&#8221;default&#8221; width=&#8221;300px&#8221; custom_margin=&#8221;40px||||false|false&#8221; global_colors_info=&#8221;{}&#8221; theme_builder_area=&#8221;post_content&#8221;][\/et_pb_image][\/et_pb_column][\/et_pb_row][et_pb_row column_structure=&#8221;3_4,1_4&#8243; use_custom_gutter=&#8221;on&#8221; _builder_version=&#8221;4.19.3&#8243; _module_preset=&#8221;default&#8221; background_enable_color=&#8221;off&#8221; max_width=&#8221;1400px&#8221; custom_margin=&#8221;0px|auto|53px|auto|false|false&#8221; custom_padding=&#8221;0px||0px||false|false&#8221; box_shadow_style=&#8221;none&#8221; global_colors_info=&#8221;{}&#8221; theme_builder_area=&#8221;post_content&#8221;][et_pb_column type=&#8221;3_4&#8243; _builder_version=&#8221;4.19.3&#8243; _module_preset=&#8221;default&#8221; custom_padding=&#8221;15px||||false|false&#8221; custom_padding_tablet=&#8221;0px||||false|false&#8221; custom_padding_phone=&#8221;0px||||false|false&#8221; custom_padding_last_edited=&#8221;on|tablet&#8221; animation_style=&#8221;fade&#8221; animation_speed_curve=&#8221;ease&#8221; global_colors_info=&#8221;{}&#8221; theme_builder_area=&#8221;post_content&#8221;][et_pb_text _builder_version=&#8221;4.19.3&#8243; _module_preset=&#8221;default&#8221; header_2_font=&#8221;|800|||||||&#8221; header_2_text_align=&#8221;left&#8221; header_2_text_color=&#8221;#1a1a1a&#8221; header_2_font_size=&#8221;37px&#8221; header_2_line_height=&#8221;1.1em&#8221; max_width=&#8221;600px&#8221; max_width_tablet=&#8221;100%&#8221; max_width_phone=&#8221;100%&#8221; max_width_last_edited=&#8221;on|tablet&#8221; custom_margin=&#8221;0px||12px||false|false&#8221; custom_padding=&#8221;0px||0px||false|false&#8221; header_2_font_size_tablet=&#8221;47px&#8221; header_2_font_size_phone=&#8221;30px&#8221; header_2_font_size_last_edited=&#8221;on|phone&#8221; global_colors_info=&#8221;{}&#8221; theme_builder_area=&#8221;post_content&#8221;]<\/p>\n<h2><b>Jan Pietrzak<\/b><\/h2>\n<p>[\/et_pb_text][et_pb_text _builder_version=&#8221;4.20.2&#8243; _module_preset=&#8221;default&#8221; text_font=&#8221;|300|||||||&#8221; text_text_color=&#8221;#74787c&#8221; text_font_size=&#8221;18px&#8221; text_line_height=&#8221;1.8em&#8221; width=&#8221;100%&#8221; max_width=&#8221;100%&#8221; max_width_tablet=&#8221;100%&#8221; max_width_phone=&#8221;100%&#8221; max_width_last_edited=&#8221;on|tablet&#8221; custom_margin=&#8221;0px||22px||false|false&#8221; custom_padding=&#8221;0px||0px||false|false&#8221; global_colors_info=&#8221;{}&#8221; theme_builder_area=&#8221;post_content&#8221;]<\/p>\n<p style=\"text-align: justify;\"><b>Jan Pietrzak<span>\u00a0<\/span><\/b><span>&#8211;\u00a0<\/span>The creator and leader of two satirical cabarets: the student cabaret in \u201cHybrydy\u201d (1960-1967) and the \u201cKabaret pod Egid\u0105\u201d (from 1967 to &#8230;?). Author of thousands of songs, monologues and articles, reflecting the moods of Poles and Polish reality in the last half-century. The unquestionable leading commentator on the Polish social and political scene during the period when the Poles were breaking free from Communism. His patriotic song &#8222;Let Poland be Poland&#8221; became the spontaneous anthem of the Solidarity movement in the 1980\u2019s. \u201cPan Janek\u2019s\u201d sayings, choruses and \u201cmental shortcuts\u201d are remembered by millions of his fans. He introduced a new narrative style to cabaret, a style that later found many followers. He was called the &#8222;godfather&#8221; of cabaret. He was the patron of many talented people, whom he helped along the road to success and popularity. He also made powerful enemies who did not make his life easy. It is a fact, that a real satirist has to pay a high price for the courage to joke about inflated egos.<\/p>\n<p style=\"text-align: justify;\">He is the Founder of the \u201cPatriotic Society\u201d, in which initially \u201cReduta Dobrego Imenia\u201d found a formal organization framework. For this we thank you!<\/p>\n<p>[\/et_pb_text][\/et_pb_column][et_pb_column type=&#8221;1_4&#8243; _builder_version=&#8221;4.19.3&#8243; _module_preset=&#8221;default&#8221; global_colors_info=&#8221;{}&#8221; theme_builder_area=&#8221;post_content&#8221;][et_pb_image src=&#8221;https:\/\/rdi.org.pl\/wp-content\/uploads\/2023\/02\/janpietrzak.jpg&#8221; title_text=&#8221;janpietrzak&#8221; align=&#8221;center&#8221; _builder_version=&#8221;4.19.3&#8243; _module_preset=&#8221;default&#8221; width=&#8221;300px&#8221; custom_margin=&#8221;40px||||false|false&#8221; global_colors_info=&#8221;{}&#8221; theme_builder_area=&#8221;post_content&#8221;][\/et_pb_image][\/et_pb_column][\/et_pb_row][et_pb_row column_structure=&#8221;3_4,1_4&#8243; use_custom_gutter=&#8221;on&#8221; _builder_version=&#8221;4.19.3&#8243; _module_preset=&#8221;default&#8221; background_enable_color=&#8221;off&#8221; max_width=&#8221;1400px&#8221; custom_margin=&#8221;0px|auto|53px|auto|false|false&#8221; custom_padding=&#8221;0px||0px||false|false&#8221; box_shadow_style=&#8221;none&#8221; global_colors_info=&#8221;{}&#8221; theme_builder_area=&#8221;post_content&#8221;][et_pb_column type=&#8221;3_4&#8243; _builder_version=&#8221;4.19.3&#8243; _module_preset=&#8221;default&#8221; custom_padding=&#8221;15px||||false|false&#8221; custom_padding_tablet=&#8221;0px||||false|false&#8221; custom_padding_phone=&#8221;0px||||false|false&#8221; custom_padding_last_edited=&#8221;on|tablet&#8221; animation_style=&#8221;fade&#8221; animation_speed_curve=&#8221;ease&#8221; global_colors_info=&#8221;{}&#8221; theme_builder_area=&#8221;post_content&#8221;][et_pb_text _builder_version=&#8221;4.19.3&#8243; _module_preset=&#8221;default&#8221; header_2_font=&#8221;|800|||||||&#8221; header_2_text_align=&#8221;left&#8221; header_2_text_color=&#8221;#1a1a1a&#8221; header_2_font_size=&#8221;37px&#8221; header_2_line_height=&#8221;1.1em&#8221; max_width=&#8221;600px&#8221; max_width_tablet=&#8221;100%&#8221; max_width_phone=&#8221;100%&#8221; max_width_last_edited=&#8221;on|tablet&#8221; custom_margin=&#8221;0px||12px||false|false&#8221; custom_padding=&#8221;0px||0px||false|false&#8221; header_2_font_size_tablet=&#8221;47px&#8221; header_2_font_size_phone=&#8221;30px&#8221; header_2_font_size_last_edited=&#8221;on|phone&#8221; global_colors_info=&#8221;{}&#8221; theme_builder_area=&#8221;post_content&#8221;]<\/p>\n<h2><b>Tadeusz M. P\u0142u\u017ca\u0144ski<\/b><\/h2>\n<p>[\/et_pb_text][et_pb_text _builder_version=&#8221;4.20.2&#8243; _module_preset=&#8221;default&#8221; text_font=&#8221;|300|||||||&#8221; text_text_color=&#8221;#74787c&#8221; text_font_size=&#8221;18px&#8221; text_line_height=&#8221;1.8em&#8221; width=&#8221;100%&#8221; max_width=&#8221;100%&#8221; max_width_tablet=&#8221;100%&#8221; max_width_phone=&#8221;100%&#8221; max_width_last_edited=&#8221;on|tablet&#8221; custom_margin=&#8221;0px||22px||false|false&#8221; custom_padding=&#8221;0px||0px||false|false&#8221; global_colors_info=&#8221;{}&#8221; theme_builder_area=&#8221;post_content&#8221;]<\/p>\n<p style=\"text-align: justify;\"><b>Tadeusz M. P\u0142u\u017ca\u0144ski<\/b><span> &#8211;\u00a0<\/span>A journalist \u2013 historical and political commentator. He specializes in post-war Polish history. He has worked and cooperated with the World Association of Home Army Soldiers for many years. His articles appear in, among others &#8222;Gazeta Polska&#8221; and &#8222;Gazeta Polska Codziennie&#8221;, &#8222;W Sieci&#8221;, &#8222;Do Rzeczy&#8221;, &#8222;Nasza Polska&#8221;, &#8222;W Najwy\u017cszym Czasie!&#8221;, &#8222;Tygodnik Solidarno\u015b\u0107&#8221;, and the following portals www.wpolityce.pl, http:\/\/ rebelya.com<\/p>\n<p style=\"text-align: justify;\">Head of the Opinions Department of the daily newspaper \u201cSuper Express\u201d. Author of the book &#8222;Bestie&#8221; (Beasts) \u2013 in which he investigates and writes about unresolved communist crimes in Poland. In 2012 this book received the J\u00f3zef Mackiewicz\u2019s literary award. His subsequent books are: &#8222;Bestie 2\u201d (Beasts 2) and &#8222;Oprawcy. Zbrodnie bez kary\u201d (Executioners. Crimes without punishment).<\/p>\n<p style=\"text-align: justify;\">He was the author of the appeal to ex-President Bronis\u0142aw Komorowski for a dignified burial for the remains of the \u201c\u017bo\u0142nierze Wykl\u0119ci\u201d (the Banished\/Cursed Soldiers), murdered by the Communists in the Rakowiecka prison in Warsaw, and whose remains were thrown into unmarked death pits, later known as \u201cKwatera \u0141\u201d in the Wojskowy Pow\u0105zki Cemetery. From December 2012, the President of \u201cFundacja \u0141\u0105czka\u201d.<\/p>\n<p style=\"text-align: justify;\">He is the son of the philosopher, prof. Tadeusz P\u0142u\u017ca\u0144ski, who was \u2013 during the German occupation of Poland (1939-1945), a member of the Tajna Armia Polska (Secret Polish Army) and AK (Home Army). After 1945 a Banished\/Cursed Soldier, a close associate of Captain Witold Pilecki, and a prisoner of both German and Stalinist torture chambers.<\/p>\n<p>[\/et_pb_text][\/et_pb_column][et_pb_column type=&#8221;1_4&#8243; _builder_version=&#8221;4.19.3&#8243; _module_preset=&#8221;default&#8221; global_colors_info=&#8221;{}&#8221; theme_builder_area=&#8221;post_content&#8221;][et_pb_image src=&#8221;https:\/\/rdi.org.pl\/wp-content\/uploads\/2023\/02\/tadeuszpluzanski.jpg&#8221; title_text=&#8221;tadeuszpluzanski&#8221; align=&#8221;center&#8221; _builder_version=&#8221;4.19.3&#8243; _module_preset=&#8221;default&#8221; width=&#8221;300px&#8221; custom_margin=&#8221;40px||||false|false&#8221; global_colors_info=&#8221;{}&#8221; theme_builder_area=&#8221;post_content&#8221;][\/et_pb_image][\/et_pb_column][\/et_pb_row][et_pb_row column_structure=&#8221;3_4,1_4&#8243; use_custom_gutter=&#8221;on&#8221; _builder_version=&#8221;4.19.3&#8243; _module_preset=&#8221;default&#8221; background_enable_color=&#8221;off&#8221; max_width=&#8221;1400px&#8221; custom_margin=&#8221;0px|auto|53px|auto|false|false&#8221; custom_padding=&#8221;0px||0px||false|false&#8221; box_shadow_style=&#8221;none&#8221; global_colors_info=&#8221;{}&#8221; theme_builder_area=&#8221;post_content&#8221;][et_pb_column type=&#8221;3_4&#8243; _builder_version=&#8221;4.19.3&#8243; _module_preset=&#8221;default&#8221; custom_padding=&#8221;15px||||false|false&#8221; custom_padding_tablet=&#8221;0px||||false|false&#8221; custom_padding_phone=&#8221;0px||||false|false&#8221; custom_padding_last_edited=&#8221;on|tablet&#8221; animation_style=&#8221;fade&#8221; animation_speed_curve=&#8221;ease&#8221; global_colors_info=&#8221;{}&#8221; theme_builder_area=&#8221;post_content&#8221;][et_pb_text _builder_version=&#8221;4.19.3&#8243; _module_preset=&#8221;default&#8221; header_2_font=&#8221;|800|||||||&#8221; header_2_text_align=&#8221;left&#8221; header_2_text_color=&#8221;#1a1a1a&#8221; header_2_font_size=&#8221;37px&#8221; header_2_line_height=&#8221;1.1em&#8221; max_width=&#8221;600px&#8221; max_width_tablet=&#8221;100%&#8221; max_width_phone=&#8221;100%&#8221; max_width_last_edited=&#8221;on|tablet&#8221; custom_margin=&#8221;0px||12px||false|false&#8221; custom_padding=&#8221;0px||0px||false|false&#8221; header_2_font_size_tablet=&#8221;47px&#8221; header_2_font_size_phone=&#8221;30px&#8221; header_2_font_size_last_edited=&#8221;on|phone&#8221; global_colors_info=&#8221;{}&#8221; theme_builder_area=&#8221;post_content&#8221;]<\/p>\n<h2><b>Marcin Wolski<\/b><\/h2>\n<p>[\/et_pb_text][et_pb_text _builder_version=&#8221;4.20.2&#8243; _module_preset=&#8221;default&#8221; text_font=&#8221;|300|||||||&#8221; text_text_color=&#8221;#74787c&#8221; text_font_size=&#8221;18px&#8221; text_line_height=&#8221;1.8em&#8221; width=&#8221;100%&#8221; max_width=&#8221;100%&#8221; max_width_tablet=&#8221;100%&#8221; max_width_phone=&#8221;100%&#8221; max_width_last_edited=&#8221;on|tablet&#8221; custom_margin=&#8221;0px||22px||false|false&#8221; custom_padding=&#8221;0px||0px||false|false&#8221; global_colors_info=&#8221;{}&#8221; theme_builder_area=&#8221;post_content&#8221;]<\/p>\n<p style=\"text-align: justify;\"><b>Marcin Wolski<\/b><span> &#8211; Writer, journalist and satirist. He writes a regular column for \u201cGazeta Polska\u201d and \u201cTygodnik\u00a0 \u00a0Solidarno\u015b\u0107\u201d. Since January 2013 he writes a weekly column for \u201cDo Rzeczy\u201d. He is a member of the Polish Writers&#8217; Association and the Free Word Association. Since April 2016, he is the head of the editorial team and one of the presenters of the week-day satirical program &#8222;W tyle wizji\u201d (Behind the scenes) broadcast on TVP Info. In July 2016, he became the Director of Polish Television\u2019s second channel (TVP2).<\/span><\/p>\n<p>[\/et_pb_text][\/et_pb_column][et_pb_column type=&#8221;1_4&#8243; _builder_version=&#8221;4.19.3&#8243; _module_preset=&#8221;default&#8221; global_colors_info=&#8221;{}&#8221; theme_builder_area=&#8221;post_content&#8221;][et_pb_image src=&#8221;https:\/\/rdi.org.pl\/wp-content\/uploads\/2023\/02\/marcinwolski.jpg&#8221; title_text=&#8221;marcinwolski&#8221; align=&#8221;center&#8221; _builder_version=&#8221;4.19.3&#8243; _module_preset=&#8221;default&#8221; width=&#8221;300px&#8221; custom_margin=&#8221;40px||||false|false&#8221; global_colors_info=&#8221;{}&#8221; theme_builder_area=&#8221;post_content&#8221;][\/et_pb_image][\/et_pb_column][\/et_pb_row][\/et_pb_section]<\/p>\n","protected":false},"excerpt":{"rendered":"<p>Polish League Against DefamationFoundation CouncilJ\u00f3zef Orze\u0142J\u00f3zef Orze\u0142 &#8211; graduated in 1968 from the Econometrics Department of the Main School of Planning and Statistics in Warsaw. In 1978 he obtained a doctoral degree in philosophy. He conducted publishing activities and managed the joint-stock company Municipium. In 1990 he was among the founders of the political party [&hellip;]<\/p>\n","protected":false},"author":3,"featured_media":471295,"parent":0,"menu_order":0,"comment_status":"closed","ping_status":"closed","template":"","meta":{"_et_pb_use_builder":"on","_et_pb_old_content":"<h1>J\u00f3zef Orze\u0142 - przewodnicz\u0105cy<\/h1>\n<img class=\"alignleft wp-image-24 size-thumbnail\" src=\"http:\/\/www.anti-defamation.pl\/english\/wp-content\/uploads\/2015\/11\/J\u00f3zef-Orzel1-300x200-150x150.jpg\" alt=\"J\u00f3zef-Orzel1-300x200\" width=\"150\" height=\"150\" \/>\n\n<b><span lang=\"EN-GB\" style=\"font-size: 11.0pt; font-family: 'Avenir Roman',sans-serif;\">J\u00f3zef Orze\u0142<\/span><\/b>\n\n<span lang=\"EN-GB\" style=\"font-size: 11.0pt; font-family: 'Avenir Roman',sans-serif;\">Graduated in 1968 from the Econometrics Department of the Main School of Planning and Statistics in Warsaw. In 1978 he obtained a doctoral degree in philosophy. He conducted publishing activities and managed the joint-stock company Municipium. In 1990 he was among the founders of the political party \u201cPorozumienie Centrum\u201d. In 1991 he was elected as a member of the Polish Parliament, from the list of the \u201cPorozumienie Centrum\u201d candidates. In 1993 he did not stand for re-election, and withdrew from the world of politics. He was the deputy editor-in-chief of the following newspapers: \u201cTygodnik Solidarno\u015b\u0107\u201d and \u201cExpress Wieczorny\u201d.<\/span>\n\n<span lang=\"EN-GB\" style=\"font-size: 11.0pt; font-family: 'Avenir Roman',sans-serif;\">He expertise are in the promotion and management of projects in the field of \u201celectronic\u201d society and digital education. He is the Vice President of the \"Cities in the Internet\" Association and the Chairman of the \"Coalition for the Development of the Information Society\". He is a co-founder (together with Rafa\u0142 Ziemkiewicz) of the Ronin Club and its Chairman. He is also one of the two founders (together with Maciej \u015awirski) of \u201cReduta Dobrego Imienia\u201d - The Polish League Against Defamation Foundation.<\/span>\n<h1 style=\"text-align: justify;\">Jan Pietrzak<\/h1>\n<p style=\"text-align: justify;\"><img class=\"alignleft wp-image-26 size-thumbnail\" src=\"http:\/\/www.anti-defamation.pl\/english\/wp-content\/uploads\/2015\/11\/pietrzak-150x150.png\" alt=\"pietrzak\" width=\"150\" height=\"150\" \/><\/p>\n<strong>Jan Pietrzak<\/strong>\n\nThe creator and leader of two satirical cabarets: the student cabaret in \u201cHybrydy\u201d (1960-1967) and the \u201cKabaret pod Egid\u0105\u201d (from 1967 to ...?). Author of thousands of songs, monologues and articles, reflecting the moods of Poles and Polish reality in the last half-century. The unquestionable leading commentator on the Polish social and political scene during the period when the Poles were breaking free from Communism. His patriotic song \"Let Poland be Poland\" became the spontaneous anthem of the Solidarity movement in the 1980\u2019s. \u201cPan Janek\u2019s\u201d sayings, choruses and \u201cmental shortcuts\u201d are remembered by millions of his fans. He introduced a new narrative style to cabaret, a style that later found many followers. He was called the \"godfather\" of cabaret. He was the patron of many talented people, whom he helped along the road to success and popularity. He also made powerful enemies who did not make his life easy. It is a fact, that a real satirist has to pay a high price for the courage to joke about inflated egos.\n<p style=\"text-align: justify;\">He is the Founder of the \u201cPatriotic Society\u201d, in which initially \u201cReduta Dobrego Imenia\u201d found a formal organization framework. For this we thank you!<\/p>\n\n<h1 style=\"text-align: justify;\">Tadeusz M. P\u0142u\u017ca\u0144ski<\/h1>\n<p style=\"text-align: justify;\"><img class=\"alignleft size-thumbnail wp-image-27\" src=\"http:\/\/www.anti-defamation.pl\/english\/wp-content\/uploads\/2015\/11\/JRKRUK_20131020_TADEUSZ_M_PLUZANSKI_BUSKO_IMG_5475a-150x150.jpg\" alt=\"JRKRUK_20131020_TADEUSZ_M_PLUZANSKI_BUSKO_IMG_5475a\" width=\"150\" height=\"150\" \/><\/p>\nA journalist \u2013 historical and political commentator. He specializes in post-war Polish history. He has worked and cooperated with the World Association of Home Army Soldiers for many years. His articles appear in, among others \"Gazeta Polska\" and \"Gazeta Polska Codziennie\", \"W Sieci\", \"Do Rzeczy\", \"Nasza Polska\", \"W Najwy\u017cszym Czasie!\", \"Tygodnik Solidarno\u015b\u0107\", and the following portals www.wpolityce.pl, http:\/\/ rebelya.com\n\nHead of the Opinions Department of the daily newspaper \u201cSuper Express\u201d. Author of the book \"Bestie\" (Beasts) \u2013 in which he investigates and writes about unresolved communist crimes in Poland. In 2012 this book received the J\u00f3zef Mackiewicz\u2019s literary award. His subsequent books are: \"Bestie 2\u201d (Beasts 2) and \"Oprawcy. Zbrodnie bez kary\u201d (Executioners. Crimes without punishment).\n\nHe was the author of the appeal to ex-President Bronis\u0142aw Komorowski for a dignified burial for the remains of the \u201c\u017bo\u0142nierze Wykl\u0119ci\u201d (the Banished\/Cursed Soldiers), murdered by the Communists in the Rakowiecka prison in Warsaw, and whose remains were thrown into unmarked death pits, later known as \u201cKwatera \u0141\u201d in the Wojskowy Pow\u0105zki Cemetery. From December 2012, the President of \u201cFundacja \u0141\u0105czka\u201d.\n\nHe is the son of the philosopher, prof. Tadeusz P\u0142u\u017ca\u0144ski, who was \u2013 during the German occupation of Poland (1939-1945), a member of the Tajna Armia Polska (Secret Polish Army) and AK (Home Army). After 1945 a Banished\/Cursed Soldier, a close associate of Captain Witold Pilecki, and a prisoner of both German and Stalinist torture chambers.\n<h1 style=\"text-align: justify;\">Marcin Wolski<\/h1>\n<span lang=\"EN-GB\" style=\"font-size: 11.0pt; font-family: 'Avenir Roman',sans-serif;\">Writer, journalist and satirist. He writes a regular column for \u201cGazeta Polska\u201d and \u201cTygodnik Solidarno\u015b\u0107\u201d. Since January 2013 he writes a weekly column for \u201cDo Rzeczy\u201d. He is a member of the Polish Writers' Association and the Free Word Association. Since April 2016, he is the head of the editorial team and one of the presenters of the week-day satirical program \"W tyle wizji\u201d (Behind the scenes) broadcast on TVP Info. In July 2016, he became the Director of Polish Television\u2019s second channel (TVP2).<\/span>","_et_gb_content_width":"","sfsi_plus_gutenberg_text_before_share":"","sfsi_plus_gutenberg_show_text_before_share":"","sfsi_plus_gutenberg_icon_type":"","sfsi_plus_gutenberg_icon_alignemt":"","sfsi_plus_gutenburg_max_per_row":"","footnotes":""},"class_list":["post-18","page","type-page","status-publish","has-post-thumbnail","hentry"],"_links":{"self":[{"href":"https:\/\/rdi.org.pl\/english\/wp-json\/wp\/v2\/pages\/18","targetHints":{"allow":["GET"]}}],"collection":[{"href":"https:\/\/rdi.org.pl\/english\/wp-json\/wp\/v2\/pages"}],"about":[{"href":"https:\/\/rdi.org.pl\/english\/wp-json\/wp\/v2\/types\/page"}],"author":[{"embeddable":true,"href":"https:\/\/rdi.org.pl\/english\/wp-json\/wp\/v2\/users\/3"}],"replies":[{"embeddable":true,"href":"https:\/\/rdi.org.pl\/english\/wp-json\/wp\/v2\/comments?post=18"}],"version-history":[{"count":8,"href":"https:\/\/rdi.org.pl\/english\/wp-json\/wp\/v2\/pages\/18\/revisions"}],"predecessor-version":[{"id":472278,"href":"https:\/\/rdi.org.pl\/english\/wp-json\/wp\/v2\/pages\/18\/revisions\/472278"}],"wp:featuredmedia":[{"embeddable":true,"href":"https:\/\/rdi.org.pl\/english\/wp-json\/wp\/v2\/media\/471295"}],"wp:attachment":[{"href":"https:\/\/rdi.org.pl\/english\/wp-json\/wp\/v2\/media?parent=18"}],"curies":[{"name":"wp","href":"https:\/\/api.w.org\/{rel}","templated":true}]}}