{"id":470414,"date":"2023-05-08T10:55:39","date_gmt":"2023-05-08T08:55:39","guid":{"rendered":"https:\/\/rdi.org.pl\/?page_id=470414"},"modified":"2024-03-11T13:23:13","modified_gmt":"2024-03-11T12:23:13","slug":"zamojszczyzna-polskie-reparacje-indywidualne-od-panstwa-niemieckiego-za-podejmowane-zbrodnie","status":"publish","type":"page","link":"https:\/\/rdi.org.pl\/english\/zamojszczyzna-polskie-reparacje-indywidualne-od-panstwa-niemieckiego-za-podejmowane-zbrodnie\/","title":{"rendered":"Zamojszczyzna -polskie reparacje indywidualne od pa\u0144stwa niemieckiego za podejmowane zbrodnie"},"content":{"rendered":"<p>[et_pb_section fb_built=&#8221;1&#8243; custom_padding_last_edited=&#8221;on|phone&#8221; _builder_version=&#8221;4.19.3&#8243; _module_preset=&#8221;default&#8221; background_color=&#8221;rgba(12,12,11,0.51)&#8221; background_image=&#8221;https:\/\/rdi.org.pl\/wp-content\/uploads\/2023\/01\/479-scaled.jpg&#8221; background_blend=&#8221;overlay&#8221; custom_margin=&#8221;0px||0px||false|false&#8221; custom_padding=&#8221;55px||55px||true|false&#8221; custom_padding_tablet=&#8221;130px||110px||false|false&#8221; custom_padding_phone=&#8221;90px||70px||false|false&#8221; da_disable_devices=&#8221;off|off|off&#8221; global_colors_info=&#8221;{}&#8221; da_is_popup=&#8221;off&#8221; da_exit_intent=&#8221;off&#8221; da_has_close=&#8221;on&#8221; da_alt_close=&#8221;off&#8221; da_dark_close=&#8221;off&#8221; da_not_modal=&#8221;on&#8221; da_is_singular=&#8221;off&#8221; da_with_loader=&#8221;off&#8221; da_has_shadow=&#8221;on&#8221;][et_pb_row _builder_version=&#8221;4.19.3&#8243; _module_preset=&#8221;default&#8221; background_enable_color=&#8221;off&#8221; width=&#8221;90%&#8221; max_width=&#8221;1400px&#8221; custom_margin=&#8221;0px|auto|21px|auto|false|false&#8221; custom_padding=&#8221;0px||0px||false|false&#8221; box_shadow_style=&#8221;none&#8221; global_colors_info=&#8221;{}&#8221;][et_pb_column type=&#8221;4_4&#8243; _builder_version=&#8221;4.18.0&#8243; _module_preset=&#8221;default&#8221; global_colors_info=&#8221;{}&#8221;][et_pb_text _builder_version=&#8221;4.20.2&#8243; _module_preset=&#8221;default&#8221; header_4_font=&#8221;|700|||||||&#8221; header_4_text_align=&#8221;left&#8221; header_4_text_color=&#8221;#e71d26&#8243; header_4_font_size=&#8221;22px&#8221; custom_margin=&#8221;0px||9px||false|false&#8221; custom_margin_tablet=&#8221;0px||9px||false|false&#8221; custom_margin_phone=&#8221;0px||10px||false|false&#8221; custom_margin_last_edited=&#8221;on|phone&#8221; custom_padding=&#8221;0px||0px||false|false&#8221; header_4_font_size_tablet=&#8221;20px&#8221; header_4_font_size_phone=&#8221;19px&#8221; header_4_font_size_last_edited=&#8221;on|tablet&#8221; global_colors_info=&#8221;{}&#8221;]<\/p>\n<h4 style=\"text-align: center;\">Polish League Against Defamation<\/h4>\n<p>[\/et_pb_text][et_pb_text _builder_version=&#8221;4.20.2&#8243; _module_preset=&#8221;default&#8221; header_2_font=&#8221;|800|||||||&#8221; header_2_text_align=&#8221;center&#8221; header_2_text_color=&#8221;#FFFFFF&#8221; header_2_font_size=&#8221;47px&#8221; header_2_line_height=&#8221;1.1em&#8221; max_width_tablet=&#8221;100%&#8221; max_width_phone=&#8221;100%&#8221; max_width_last_edited=&#8221;off|desktop&#8221; custom_margin=&#8221;0px||0px||false|false&#8221; custom_padding=&#8221;0px||0px||false|false&#8221; hover_enabled=&#8221;0&#8243; header_2_font_size_tablet=&#8221;47px&#8221; header_2_font_size_phone=&#8221;30px&#8221; header_2_font_size_last_edited=&#8221;on|phone&#8221; global_colors_info=&#8221;{}&#8221; sticky_enabled=&#8221;0&#8243;]<\/p>\n<h2><strong>Zamosc region<br \/>polish individual reparations from the german state<\/strong><\/h2>\n<p>[\/et_pb_text][\/et_pb_column][\/et_pb_row][\/et_pb_section][et_pb_section fb_built=&#8221;1&#8243; custom_padding_last_edited=&#8221;on|tablet&#8221; _builder_version=&#8221;4.20.2&#8243; _module_preset=&#8221;default&#8221; custom_margin=&#8221;0px|7px|0px||false|false&#8221; custom_padding=&#8221;36px||0px||false|false&#8221; custom_padding_tablet=&#8221;110px||110px||false|false&#8221; custom_padding_phone=&#8221;90px||90px||false|false&#8221; da_disable_devices=&#8221;off|off|off&#8221; global_colors_info=&#8221;{}&#8221; da_is_popup=&#8221;off&#8221; da_exit_intent=&#8221;off&#8221; da_has_close=&#8221;on&#8221; da_alt_close=&#8221;off&#8221; da_dark_close=&#8221;off&#8221; da_not_modal=&#8221;on&#8221; da_is_singular=&#8221;off&#8221; da_with_loader=&#8221;off&#8221; da_has_shadow=&#8221;on&#8221;][et_pb_row use_custom_gutter=&#8221;on&#8221; _builder_version=&#8221;4.19.3&#8243; _module_preset=&#8221;default&#8221; background_enable_color=&#8221;off&#8221; max_width=&#8221;1400px&#8221; custom_margin=&#8221;0px|auto|1px|auto|false|false&#8221; custom_margin_last_edited=&#8221;off|desktop&#8221; custom_padding=&#8221;0px||0px||false|false&#8221; box_shadow_style=&#8221;none&#8221; global_colors_info=&#8221;{}&#8221;][et_pb_column type=&#8221;4_4&#8243; _builder_version=&#8221;4.19.3&#8243; _module_preset=&#8221;default&#8221; custom_padding=&#8221;15px||||false|false&#8221; custom_padding_tablet=&#8221;0px||||false|false&#8221; custom_padding_phone=&#8221;0px||||false|false&#8221; custom_padding_last_edited=&#8221;on|tablet&#8221; animation_style=&#8221;fade&#8221; animation_speed_curve=&#8221;ease&#8221; global_colors_info=&#8221;{}&#8221;][et_pb_text _builder_version=&#8221;4.20.2&#8243; _module_preset=&#8221;default&#8221; text_font=&#8221;|300|||||||&#8221; text_text_color=&#8221;#74787c&#8221; text_font_size=&#8221;18px&#8221; text_line_height=&#8221;1.8em&#8221; width=&#8221;100%&#8221; max_width=&#8221;100%&#8221; max_width_tablet=&#8221;100%&#8221; max_width_phone=&#8221;100%&#8221; max_width_last_edited=&#8221;on|tablet&#8221; custom_margin=&#8221;0px||22px||false|false&#8221; custom_padding=&#8221;0px||0px||false|false&#8221; hover_enabled=&#8221;0&#8243; global_colors_info=&#8221;{}&#8221; sticky_enabled=&#8221;0&#8243;]<\/p>\n<p style=\"text-align: justify;\"><span role=\"presentation\" dir=\"ltr\">Project co-financed by the state budget under the programme of the Ministry of <\/span><span role=\"presentation\" dir=\"ltr\">Education and Science called &#8222;Science for Society&#8221;, project number <\/span><span role=\"presentation\" dir=\"ltr\">NdS\/545251\/2022\/2022<\/span><\/p>\n<p style=\"text-align: justify;\"><img loading=\"lazy\" decoding=\"async\" src=\"https:\/\/rdi.org.pl\/english\/wp-content\/uploads\/2023\/12\/01_znak_podstawowy_kolor_biale_tlo_ang_male_2-300x72.png\" width=\"300\" height=\"72\" alt=\"\" class=\"wp-image-472854 alignnone size-medium\" srcset=\"https:\/\/rdi.org.pl\/english\/wp-content\/uploads\/2023\/12\/01_znak_podstawowy_kolor_biale_tlo_ang_male_2-300x72.png 300w, https:\/\/rdi.org.pl\/english\/wp-content\/uploads\/2023\/12\/01_znak_podstawowy_kolor_biale_tlo_ang_male_2.png 314w\" sizes=\"auto, (max-width: 300px) 100vw, 300px\" \/><\/p>\n<p style=\"text-align: justify;\"><strong style=\"font-size: 18px;\">Ministry of education and science<\/strong><strong><\/strong><\/p>\n<p style=\"text-align: justify;\"><span>Polish individual reparations from the German state for crimes committed by the Germans.<\/span><\/p>\n<p style=\"text-align: justify;\"><span>The project includes research whose aim is to develop a theoretical legal model to make it possible to hold the German state civilly liable for crimes committed by its functionaries during the Second World War (in particular genocide, mass murder, torture, but also plundering and destruction of property, repression of families of murdered prisoners, persecution of Poles as &#8222;subhumans,&#8221; etc.).<\/span><\/p>\n<p style=\"text-align: justify;\"><span>The project involves multifaceted research covering:<\/span><\/p>\n<p style=\"text-align: justify;\"><em><span>legal area<\/span><\/em><span> \u2013 within the framework of the project only civil law claims will be analyzed, and due to the subject matter of the research, claims directed towards Germany and\/or its authorities or its legal persons who are the beneficiaries of the things seized from the victims of the crimes will be particularly analyzed.<\/span><\/p>\n<p style=\"text-align: justify;\"><em><span>historical area<\/span><\/em><span> \u2013 within this area, the issue of damages suffered by the inhabitants of the Zamo\u015b\u0107 region as a result of warfare and German occupation in the years 1939 \u2013 1945 will be analyzed.<\/span><\/p>\n<p style=\"text-align: justify;\"><strong><span>Places of war crimes, executions of Zamo\u015b\u0107 residents, or places where Polish property and cultural goods were plundered will be investigated and described. As part of the project, a visualization will be created to memorialize these places. It will be made available to all audiences as an application for educational purposes.<\/span><\/strong><\/p>\n<p style=\"text-align: justify;\"><strong><span>Project completion date: 2022\/2024<\/span><\/strong><\/p>\n<p>[\/et_pb_text][et_pb_text _builder_version=&#8221;4.20.2&#8243; _module_preset=&#8221;default&#8221; text_font=&#8221;|300|||||||&#8221; text_text_color=&#8221;#74787c&#8221; text_font_size=&#8221;18px&#8221; text_line_height=&#8221;1.8em&#8221; width=&#8221;100%&#8221; max_width=&#8221;100%&#8221; max_width_tablet=&#8221;100%&#8221; max_width_phone=&#8221;100%&#8221; max_width_last_edited=&#8221;on|tablet&#8221; custom_margin=&#8221;0px||22px||false|false&#8221; custom_padding=&#8221;0px||0px||false|false&#8221; hover_enabled=&#8221;0&#8243; global_colors_info=&#8221;{}&#8221; sticky_enabled=&#8221;0&#8243;]<\/p>\n<p style=\"text-align: justify;\"><span>In order to implement the above project, the Foundation has for several years been investigating the possibility of obtaining compensation from Germany for its World War II victims \u2013 Polish citizens who lost their property due to the genocidal policy of the occupier. We have asked the inhabitants of the Zamojszczyzna region to share their stories and documentation of the losses suffered during the pacification.<\/span><\/p>\n<p style=\"text-align: justify;\"><span>Our lawyers have identified the legal conditions for private individuals to apply to Germany for compensation for destroyed property. Particularly in the last 2 years, intensive work has led to the establishment of a method of making claims to Germany. We can say that we now have the knowledge of how to do this effectively, so we invite all those (or their heirs) who lost property as a result of German actions during World War II to contact us via the form below.<\/span><\/p>\n<p style=\"text-align: justify;\"><span>Our historians and lawyers will review the submissions and materials and, upon positive verification, we will contact you to conduct a personal interview and obtain representation for the lawyers representing those presenting claims against Germany.<\/span><\/p>\n<p style=\"text-align: justify;\"><strong>Our program is about compensation for damages caused by Germany to private individuals, so the suitors will be private individuals, while the Polish League Against Defamation will support these individuals as part of its statutory activities.<\/strong><\/p>\n<p style=\"text-align: justify;\"><strong><span>Fill in the form below <\/span><\/strong><strong>\u21d3<\/strong><\/p>\n<p>[\/et_pb_text][et_pb_code _builder_version=&#8221;4.20.2&#8243; _module_preset=&#8221;default&#8221; global_colors_info=&#8221;{}&#8221;]<div class=\"wpforms-container wpforms-container-full\" id=\"wpforms-470419\"><form id=\"wpforms-form-470419\" class=\"wpforms-validate wpforms-form wpforms-ajax-form\" data-formid=\"470419\" method=\"post\" enctype=\"multipart\/form-data\" action=\"\/english\/wp-json\/wp\/v2\/pages\/470414\" data-token=\"fce6d4ce8f5d1cdc8d2a05d140c6b754\"><noscript class=\"wpforms-error-noscript\">Aby wype\u0142ni\u0107 ten formularz, w\u0142\u0105cz obs\u0142ug\u0119 JavaScript w przegl\u0105darce.<\/noscript><div class=\"wpforms-field-container\"><div id=\"wpforms-470419-field_0-container\" class=\"wpforms-field wpforms-field-name\" data-field-id=\"0\"><label class=\"wpforms-field-label\" for=\"wpforms-470419-field_0\">Your Name <span class=\"wpforms-required-label\">*<\/span><\/label><input type=\"text\" id=\"wpforms-470419-field_0\" class=\"wpforms-field-medium wpforms-field-required\" name=\"wpforms[fields][0]\" required><\/div><div id=\"wpforms-470419-field_1-container\" class=\"wpforms-field wpforms-field-email\" data-field-id=\"1\"><label class=\"wpforms-field-label\" for=\"wpforms-470419-field_1\">E-mail <span class=\"wpforms-required-label\">*<\/span><\/label><input type=\"email\" id=\"wpforms-470419-field_1\" class=\"wpforms-field-medium wpforms-field-required\" name=\"wpforms[fields][1]\" required><\/div><div id=\"wpforms-470419-field_4-container\" class=\"wpforms-field wpforms-field-email\" data-field-id=\"4\"><label class=\"wpforms-field-label\" for=\"wpforms-470419-field_4\">Date of event you wish to report <span class=\"wpforms-required-label\">*<\/span><\/label><input type=\"email\" id=\"wpforms-470419-field_4\" class=\"wpforms-field-medium wpforms-field-required\" name=\"wpforms[fields][4]\" required><\/div><div id=\"wpforms-470419-field_3-container\" class=\"wpforms-field wpforms-field-name\" data-field-id=\"3\"><label class=\"wpforms-field-label\" for=\"wpforms-470419-field_3\">Place to which the notification refers <span class=\"wpforms-required-label\">*<\/span><\/label><input type=\"text\" id=\"wpforms-470419-field_3\" class=\"wpforms-field-medium wpforms-field-required\" name=\"wpforms[fields][3]\" required><\/div><div id=\"wpforms-470419-field_6-container\" class=\"wpforms-field wpforms-field-name\" data-field-id=\"6\"><label class=\"wpforms-field-label\" for=\"wpforms-470419-field_6\">Administrative district  <span class=\"wpforms-required-label\">*<\/span><\/label><input type=\"text\" id=\"wpforms-470419-field_6\" class=\"wpforms-field-medium wpforms-field-required\" name=\"wpforms[fields][6]\" required><\/div><div id=\"wpforms-470419-field_5-container\" class=\"wpforms-field wpforms-field-name\" data-field-id=\"5\"><label class=\"wpforms-field-label\" for=\"wpforms-470419-field_5\">County <span class=\"wpforms-required-label\">*<\/span><\/label><input type=\"text\" id=\"wpforms-470419-field_5\" class=\"wpforms-field-medium wpforms-field-required\" name=\"wpforms[fields][5]\" required><\/div><div id=\"wpforms-470419-field_7-container\" class=\"wpforms-field wpforms-field-name\" data-field-id=\"7\"><label class=\"wpforms-field-label\" for=\"wpforms-470419-field_7\">Province <span class=\"wpforms-required-label\">*<\/span><\/label><input type=\"text\" id=\"wpforms-470419-field_7\" class=\"wpforms-field-medium wpforms-field-required\" name=\"wpforms[fields][7]\" required><\/div><div id=\"wpforms-470419-field_8-container\" class=\"wpforms-field wpforms-field-name\" data-field-id=\"8\"><label class=\"wpforms-field-label\" for=\"wpforms-470419-field_8\">Name of family concerned <span class=\"wpforms-required-label\">*<\/span><\/label><input type=\"text\" id=\"wpforms-470419-field_8\" class=\"wpforms-field-medium wpforms-field-required\" name=\"wpforms[fields][8]\" required><\/div><div id=\"wpforms-470419-field_9-container\" class=\"wpforms-field wpforms-field-name\" data-field-id=\"9\"><label class=\"wpforms-field-label\" for=\"wpforms-470419-field_9\">Number of persons concerned<\/label><input type=\"text\" id=\"wpforms-470419-field_9\" class=\"wpforms-field-medium\" name=\"wpforms[fields][9]\" ><\/div><div id=\"wpforms-470419-field_10-container\" class=\"wpforms-field wpforms-field-payment-checkbox\" data-field-id=\"10\"><label class=\"wpforms-field-label\" for=\"wpforms-470419-field_10\">Losses suffered: <\/label><ul id=\"wpforms-470419-field_10\"><li class=\"choice-1\"><input type=\"checkbox\" id=\"wpforms-470419-field_10_1\" class=\"wpforms-payment-price\" data-amount=\"10,00\" name=\"wpforms[fields][10][]\" value=\"1\"  ><label class=\"wpforms-field-label-inline\" for=\"wpforms-470419-field_10_1\">Movable (e.g. valuable works of art, furniture, household equipment)<\/label><\/li><li class=\"choice-2\"><input type=\"checkbox\" id=\"wpforms-470419-field_10_2\" class=\"wpforms-payment-price\" data-amount=\"25,00\" name=\"wpforms[fields][10][]\" value=\"2\"  ><label class=\"wpforms-field-label-inline\" for=\"wpforms-470419-field_10_2\">Permanent (e.g. buildings)<\/label><\/li><li class=\"choice-3\"><input type=\"checkbox\" id=\"wpforms-470419-field_10_3\" class=\"wpforms-payment-price\" data-amount=\"50,00\" name=\"wpforms[fields][10][]\" value=\"3\"  ><label class=\"wpforms-field-label-inline\" for=\"wpforms-470419-field_10_3\">Personal<\/label><\/li><\/ul><\/div><div id=\"wpforms-470419-field_2-container\" class=\"wpforms-field wpforms-field-textarea\" data-field-id=\"2\"><label class=\"wpforms-field-label\" for=\"wpforms-470419-field_2\">Polish individual reparations from the German state - declaration <span class=\"wpforms-required-label\">*<\/span><\/label><textarea id=\"wpforms-470419-field_2\" class=\"wpforms-field-medium wpforms-field-required\" name=\"wpforms[fields][2]\" required><\/textarea><\/div><\/div><div class=\"wpforms-submit-container\"><input type=\"hidden\" name=\"wpforms[id]\" value=\"470419\"><input type=\"hidden\" name=\"wpforms[author]\" value=\"8\"><button type=\"submit\" name=\"wpforms[submit]\" id=\"wpforms-submit-470419\" class=\"wpforms-submit\" data-alt-text=\"Wysy\u0142anie...\" data-submit-text=\"Send\" aria-live=\"assertive\" value=\"wpforms-submit\">Send<\/button><img loading=\"lazy\" decoding=\"async\" src=\"https:\/\/rdi.org.pl\/english\/wp-content\/plugins\/wpforms\/assets\/images\/submit-spin.svg\" class=\"wpforms-submit-spinner\" style=\"display: none;\" width=\"26\" height=\"26\" alt=\"Wczytywanie\"><\/div><\/form><\/div>  <!-- .wpforms-container -->[\/et_pb_code][\/et_pb_column][\/et_pb_row][\/et_pb_section]<\/p>\n","protected":false},"excerpt":{"rendered":"<p>Polish League Against DefamationZamosc regionpolish individual reparations from the german stateProject co-financed by the state budget under the programme of the Ministry of Education and Science called &#8222;Science for Society&#8221;, project number NdS\/545251\/2022\/2022 Ministry of education and science Polish individual reparations from the German state for crimes committed by the Germans. The project includes research [&hellip;]<\/p>\n","protected":false},"author":8,"featured_media":471295,"parent":0,"menu_order":0,"comment_status":"closed","ping_status":"closed","template":"","meta":{"_et_pb_use_builder":"on","_et_pb_old_content":"","_et_gb_content_width":"","sfsi_plus_gutenberg_text_before_share":"","sfsi_plus_gutenberg_show_text_before_share":"","sfsi_plus_gutenberg_icon_type":"","sfsi_plus_gutenberg_icon_alignemt":"","sfsi_plus_gutenburg_max_per_row":"","footnotes":""},"class_list":["post-470414","page","type-page","status-publish","has-post-thumbnail","hentry"],"_links":{"self":[{"href":"https:\/\/rdi.org.pl\/english\/wp-json\/wp\/v2\/pages\/470414","targetHints":{"allow":["GET"]}}],"collection":[{"href":"https:\/\/rdi.org.pl\/english\/wp-json\/wp\/v2\/pages"}],"about":[{"href":"https:\/\/rdi.org.pl\/english\/wp-json\/wp\/v2\/types\/page"}],"author":[{"embeddable":true,"href":"https:\/\/rdi.org.pl\/english\/wp-json\/wp\/v2\/users\/8"}],"replies":[{"embeddable":true,"href":"https:\/\/rdi.org.pl\/english\/wp-json\/wp\/v2\/comments?post=470414"}],"version-history":[{"count":24,"href":"https:\/\/rdi.org.pl\/english\/wp-json\/wp\/v2\/pages\/470414\/revisions"}],"predecessor-version":[{"id":472949,"href":"https:\/\/rdi.org.pl\/english\/wp-json\/wp\/v2\/pages\/470414\/revisions\/472949"}],"wp:featuredmedia":[{"embeddable":true,"href":"https:\/\/rdi.org.pl\/english\/wp-json\/wp\/v2\/media\/471295"}],"wp:attachment":[{"href":"https:\/\/rdi.org.pl\/english\/wp-json\/wp\/v2\/media?parent=470414"}],"curies":[{"name":"wp","href":"https:\/\/api.w.org\/{rel}","templated":true}]}}